{"id":1770,"date":"2021-06-10T08:24:16","date_gmt":"2021-06-10T08:24:16","guid":{"rendered":"http:\/\/mipaginawebenpruebas.com\/crn\/?page_id=1770"},"modified":"2023-04-13T12:11:24","modified_gmt":"2023-04-13T12:11:24","slug":"carpinteria-desarrollo-sostenible","status":"publish","type":"page","link":"https:\/\/ws054.juntadeandalucia.es\/crnandalucia\/carpinteria-desarrollo-sostenible\/","title":{"rendered":"Carpinter\u00eda &#8211; Sistema de Gesti\u00f3n Integrado"},"content":{"rendered":"\t\t<div data-elementor-type=\"wp-page\" data-elementor-id=\"1770\" class=\"elementor elementor-1770\" data-elementor-post-type=\"page\">\n\t\t\t\t\t\t<section class=\"elementor-section elementor-top-section elementor-element elementor-element-ebceba2 elementor-section-full_width elementor-section-height-default elementor-section-height-default\" data-id=\"ebceba2\" data-element_type=\"section\">\n\t\t\t\t\t\t<div class=\"elementor-container elementor-column-gap-no\">\n\t\t\t\t\t<div class=\"elementor-column elementor-col-100 elementor-top-column elementor-element elementor-element-3bb516b\" data-id=\"3bb516b\" data-element_type=\"column\">\n\t\t\t<div class=\"elementor-widget-wrap elementor-element-populated\">\n\t\t\t\t\t\t<div class=\"elementor-element elementor-element-5f3cb60 elementor-widget elementor-widget-image\" data-id=\"5f3cb60\" data-element_type=\"widget\" data-widget_type=\"image.default\">\n\t\t\t\t<div class=\"elementor-widget-container\">\n\t\t\t\t\t\t\t\t\t\t\t\t\t\t\t<img fetchpriority=\"high\" decoding=\"async\" width=\"1500\" height=\"274\" src=\"https:\/\/ws054.juntadeandalucia.es\/crnandalucia\/wp-content\/uploads\/2021\/06\/CARPINTERIA_ESCUELA_CDR_04_02.jpg\" class=\"attachment-full size-full wp-image-1361\" alt=\"\" srcset=\"https:\/\/ws054.juntadeandalucia.es\/crnandalucia\/wp-content\/uploads\/2021\/06\/CARPINTERIA_ESCUELA_CDR_04_02.jpg 1500w, https:\/\/ws054.juntadeandalucia.es\/crnandalucia\/wp-content\/uploads\/2021\/06\/CARPINTERIA_ESCUELA_CDR_04_02-300x55.jpg 300w, https:\/\/ws054.juntadeandalucia.es\/crnandalucia\/wp-content\/uploads\/2021\/06\/CARPINTERIA_ESCUELA_CDR_04_02-1024x187.jpg 1024w, https:\/\/ws054.juntadeandalucia.es\/crnandalucia\/wp-content\/uploads\/2021\/06\/CARPINTERIA_ESCUELA_CDR_04_02-768x140.jpg 768w\" sizes=\"(max-width: 1500px) 100vw, 1500px\" \/>\t\t\t\t\t\t\t\t\t\t\t\t\t\t\t<\/div>\n\t\t\t\t<\/div>\n\t\t\t\t\t<\/div>\n\t\t<\/div>\n\t\t\t\t\t<\/div>\n\t\t<\/section>\n\t\t\t\t<section class=\"elementor-section elementor-top-section elementor-element elementor-element-24cd0270 elementor-section-content-bottom elementor-section-boxed elementor-section-height-default elementor-section-height-default\" data-id=\"24cd0270\" data-element_type=\"section\">\n\t\t\t\t\t\t<div class=\"elementor-container elementor-column-gap-default\">\n\t\t\t\t\t<div class=\"elementor-column elementor-col-100 elementor-top-column elementor-element elementor-element-2c5aae5e\" data-id=\"2c5aae5e\" data-element_type=\"column\">\n\t\t\t<div class=\"elementor-widget-wrap elementor-element-populated\">\n\t\t\t\t\t\t<div class=\"elementor-element elementor-element-54a66baa hfe-nav-menu__align-center hfe-submenu-animation-slide_up hfe-submenu-icon-arrow hfe-link-redirect-child hfe-nav-menu__breakpoint-tablet elementor-widget elementor-widget-navigation-menu\" data-id=\"54a66baa\" data-element_type=\"widget\" id=\"elmenu\" data-settings=\"{&quot;padding_horizontal_menu_item&quot;:{&quot;unit&quot;:&quot;px&quot;,&quot;size&quot;:&quot;14&quot;,&quot;sizes&quot;:[]},&quot;padding_vertical_menu_item&quot;:{&quot;unit&quot;:&quot;px&quot;,&quot;size&quot;:&quot;12&quot;,&quot;sizes&quot;:[]},&quot;menu_space_between&quot;:{&quot;unit&quot;:&quot;px&quot;,&quot;size&quot;:&quot;0&quot;,&quot;sizes&quot;:[]},&quot;width_dropdown_item&quot;:{&quot;unit&quot;:&quot;px&quot;,&quot;size&quot;:&quot;240&quot;,&quot;sizes&quot;:[]},&quot;padding_horizontal_dropdown_item&quot;:{&quot;unit&quot;:&quot;px&quot;,&quot;size&quot;:&quot;8&quot;,&quot;sizes&quot;:[]},&quot;padding_vertical_dropdown_item&quot;:{&quot;unit&quot;:&quot;px&quot;,&quot;size&quot;:&quot;6&quot;,&quot;sizes&quot;:[]},&quot;padding_horizontal_menu_item_tablet&quot;:{&quot;unit&quot;:&quot;px&quot;,&quot;size&quot;:&quot;&quot;,&quot;sizes&quot;:[]},&quot;padding_horizontal_menu_item_mobile&quot;:{&quot;unit&quot;:&quot;px&quot;,&quot;size&quot;:&quot;&quot;,&quot;sizes&quot;:[]},&quot;padding_vertical_menu_item_tablet&quot;:{&quot;unit&quot;:&quot;px&quot;,&quot;size&quot;:&quot;&quot;,&quot;sizes&quot;:[]},&quot;padding_vertical_menu_item_mobile&quot;:{&quot;unit&quot;:&quot;px&quot;,&quot;size&quot;:&quot;&quot;,&quot;sizes&quot;:[]},&quot;menu_space_between_tablet&quot;:{&quot;unit&quot;:&quot;px&quot;,&quot;size&quot;:&quot;&quot;,&quot;sizes&quot;:[]},&quot;menu_space_between_mobile&quot;:{&quot;unit&quot;:&quot;px&quot;,&quot;size&quot;:&quot;&quot;,&quot;sizes&quot;:[]},&quot;menu_row_space&quot;:{&quot;unit&quot;:&quot;px&quot;,&quot;size&quot;:&quot;&quot;,&quot;sizes&quot;:[]},&quot;menu_row_space_tablet&quot;:{&quot;unit&quot;:&quot;px&quot;,&quot;size&quot;:&quot;&quot;,&quot;sizes&quot;:[]},&quot;menu_row_space_mobile&quot;:{&quot;unit&quot;:&quot;px&quot;,&quot;size&quot;:&quot;&quot;,&quot;sizes&quot;:[]},&quot;dropdown_border_radius&quot;:{&quot;unit&quot;:&quot;px&quot;,&quot;top&quot;:&quot;&quot;,&quot;right&quot;:&quot;&quot;,&quot;bottom&quot;:&quot;&quot;,&quot;left&quot;:&quot;&quot;,&quot;isLinked&quot;:true},&quot;dropdown_border_radius_tablet&quot;:{&quot;unit&quot;:&quot;px&quot;,&quot;top&quot;:&quot;&quot;,&quot;right&quot;:&quot;&quot;,&quot;bottom&quot;:&quot;&quot;,&quot;left&quot;:&quot;&quot;,&quot;isLinked&quot;:true},&quot;dropdown_border_radius_mobile&quot;:{&quot;unit&quot;:&quot;px&quot;,&quot;top&quot;:&quot;&quot;,&quot;right&quot;:&quot;&quot;,&quot;bottom&quot;:&quot;&quot;,&quot;left&quot;:&quot;&quot;,&quot;isLinked&quot;:true},&quot;width_dropdown_item_tablet&quot;:{&quot;unit&quot;:&quot;px&quot;,&quot;size&quot;:&quot;&quot;,&quot;sizes&quot;:[]},&quot;width_dropdown_item_mobile&quot;:{&quot;unit&quot;:&quot;px&quot;,&quot;size&quot;:&quot;&quot;,&quot;sizes&quot;:[]},&quot;padding_horizontal_dropdown_item_tablet&quot;:{&quot;unit&quot;:&quot;px&quot;,&quot;size&quot;:&quot;&quot;,&quot;sizes&quot;:[]},&quot;padding_horizontal_dropdown_item_mobile&quot;:{&quot;unit&quot;:&quot;px&quot;,&quot;size&quot;:&quot;&quot;,&quot;sizes&quot;:[]},&quot;padding_vertical_dropdown_item_tablet&quot;:{&quot;unit&quot;:&quot;px&quot;,&quot;size&quot;:&quot;&quot;,&quot;sizes&quot;:[]},&quot;padding_vertical_dropdown_item_mobile&quot;:{&quot;unit&quot;:&quot;px&quot;,&quot;size&quot;:&quot;&quot;,&quot;sizes&quot;:[]},&quot;distance_from_menu&quot;:{&quot;unit&quot;:&quot;px&quot;,&quot;size&quot;:&quot;&quot;,&quot;sizes&quot;:[]},&quot;distance_from_menu_tablet&quot;:{&quot;unit&quot;:&quot;px&quot;,&quot;size&quot;:&quot;&quot;,&quot;sizes&quot;:[]},&quot;distance_from_menu_mobile&quot;:{&quot;unit&quot;:&quot;px&quot;,&quot;size&quot;:&quot;&quot;,&quot;sizes&quot;:[]},&quot;toggle_size&quot;:{&quot;unit&quot;:&quot;px&quot;,&quot;size&quot;:&quot;&quot;,&quot;sizes&quot;:[]},&quot;toggle_size_tablet&quot;:{&quot;unit&quot;:&quot;px&quot;,&quot;size&quot;:&quot;&quot;,&quot;sizes&quot;:[]},&quot;toggle_size_mobile&quot;:{&quot;unit&quot;:&quot;px&quot;,&quot;size&quot;:&quot;&quot;,&quot;sizes&quot;:[]},&quot;toggle_border_width&quot;:{&quot;unit&quot;:&quot;px&quot;,&quot;size&quot;:&quot;&quot;,&quot;sizes&quot;:[]},&quot;toggle_border_width_tablet&quot;:{&quot;unit&quot;:&quot;px&quot;,&quot;size&quot;:&quot;&quot;,&quot;sizes&quot;:[]},&quot;toggle_border_width_mobile&quot;:{&quot;unit&quot;:&quot;px&quot;,&quot;size&quot;:&quot;&quot;,&quot;sizes&quot;:[]},&quot;toggle_border_radius&quot;:{&quot;unit&quot;:&quot;px&quot;,&quot;size&quot;:&quot;&quot;,&quot;sizes&quot;:[]},&quot;toggle_border_radius_tablet&quot;:{&quot;unit&quot;:&quot;px&quot;,&quot;size&quot;:&quot;&quot;,&quot;sizes&quot;:[]},&quot;toggle_border_radius_mobile&quot;:{&quot;unit&quot;:&quot;px&quot;,&quot;size&quot;:&quot;&quot;,&quot;sizes&quot;:[]}}\" data-widget_type=\"navigation-menu.default\">\n\t\t\t\t<div class=\"elementor-widget-container\">\n\t\t\t\t\t\t\t\t<div class=\"hfe-nav-menu hfe-layout-horizontal hfe-nav-menu-layout horizontal hfe-pointer__none\" data-layout=\"horizontal\">\n\t\t\t\t<div role=\"button\" class=\"hfe-nav-menu__toggle elementor-clickable\">\n\t\t\t\t\t<span class=\"screen-reader-text\">Men\u00fa<\/span>\n\t\t\t\t\t<div class=\"hfe-nav-menu-icon\">\n\t\t\t\t\t\t<i aria-hidden=\"true\"  class=\"fas fa-align-justify\"><\/i>\t\t\t\t\t<\/div>\n\t\t\t\t<\/div>\n\t\t\t\t<nav class=\"hfe-nav-menu__layout-horizontal hfe-nav-menu__submenu-arrow\" data-toggle-icon=\"&lt;i aria-hidden=&quot;true&quot; tabindex=&quot;0&quot; class=&quot;fas fa-align-justify&quot;&gt;&lt;\/i&gt;\" data-close-icon=\"&lt;i aria-hidden=&quot;true&quot; tabindex=&quot;0&quot; class=&quot;far fa-window-close&quot;&gt;&lt;\/i&gt;\" data-full-width=\"yes\">\n\t\t\t\t\t<ul id=\"menu-1-54a66baa\" class=\"hfe-nav-menu\"><li id=\"menu-item-1365\" class=\"menu-item menu-item-type-custom menu-item-object-custom menu-item-has-children parent hfe-has-submenu hfe-creative-menu\"><div class=\"hfe-has-submenu-container\"><a class = \"hfe-menu-item\">El CRN<span class='hfe-menu-toggle sub-arrow hfe-menu-child-0'><i class='fa'><\/i><\/span><\/a><\/div>\n<ul class=\"sub-menu\">\n\t<li id=\"menu-item-3419\" class=\"menu-item menu-item-type-post_type menu-item-object-page hfe-creative-menu\"><a href=\"https:\/\/ws054.juntadeandalucia.es\/crnandalucia\/carpinteria-que-hacemos\/\" class = \"hfe-sub-menu-item\">Qui\u00e9nes somos<\/a><\/li>\n\t<li id=\"menu-item-3702\" class=\"menu-item menu-item-type-post_type menu-item-object-page hfe-creative-menu\"><a href=\"https:\/\/ws054.juntadeandalucia.es\/crnandalucia\/carpinteria-que-hacemos-2\/\" class = \"hfe-sub-menu-item\">Qu\u00e9 hacemos<\/a><\/li>\n\t<li id=\"menu-item-1813\" class=\"menu-item menu-item-type-post_type menu-item-object-page hfe-creative-menu\"><a href=\"https:\/\/ws054.juntadeandalucia.es\/crnandalucia\/carpinteria-como-nos-organizamos\/\" class = \"hfe-sub-menu-item\">C\u00f3mo nos organizamos<\/a><\/li>\n\t<li id=\"menu-item-1809\" class=\"menu-item menu-item-type-post_type menu-item-object-page hfe-creative-menu\"><a href=\"https:\/\/ws054.juntadeandalucia.es\/crnandalucia\/carpinteria-planes-de-trabajo\/\" class = \"hfe-sub-menu-item\">Planes de Trabajo<\/a><\/li>\n\t<li id=\"menu-item-1801\" class=\"menu-item menu-item-type-post_type menu-item-object-page hfe-creative-menu\"><a href=\"https:\/\/ws054.juntadeandalucia.es\/crnandalucia\/carpinteria-proyectos-de-investigacion\/\" class = \"hfe-sub-menu-item\">Proyectos<\/a><\/li>\n\t<li id=\"menu-item-1800\" class=\"menu-item menu-item-type-post_type menu-item-object-page hfe-creative-menu\"><a href=\"https:\/\/ws054.juntadeandalucia.es\/crnandalucia\/carpinteria-informacion-y-orientacion\/\" class = \"hfe-sub-menu-item\">Informaci\u00f3n y Orientaci\u00f3n<\/a><\/li>\n\t<li id=\"menu-item-1808\" class=\"menu-item menu-item-type-post_type menu-item-object-page hfe-creative-menu\"><a href=\"https:\/\/ws054.juntadeandalucia.es\/crnandalucia\/carpinteria-desarrollo-sostenible\/\" class = \"hfe-sub-menu-item\">Sistema de Gesti\u00f3n Integrado<\/a><\/li>\n<\/ul>\n<\/li>\n<li id=\"menu-item-1814\" class=\"menu-item menu-item-type-custom menu-item-object-custom menu-item-has-children parent hfe-has-submenu hfe-creative-menu\"><div class=\"hfe-has-submenu-container\"><a class = \"hfe-menu-item\">Formaci\u00f3n y Acreditaci\u00f3n<span class='hfe-menu-toggle sub-arrow hfe-menu-child-0'><i class='fa'><\/i><\/span><\/a><\/div>\n<ul class=\"sub-menu\">\n\t<li id=\"menu-item-1807\" class=\"menu-item menu-item-type-post_type menu-item-object-page menu-item-has-children hfe-has-submenu hfe-creative-menu\"><div class=\"hfe-has-submenu-container\"><a href=\"https:\/\/ws054.juntadeandalucia.es\/crnandalucia\/carpinteria-formacion\/\" class = \"hfe-sub-menu-item\">Formaci\u00f3n<span class='hfe-menu-toggle sub-arrow hfe-menu-child-1'><i class='fa'><\/i><\/span><\/a><\/div>\n\t<ul class=\"sub-menu\">\n\t\t<li id=\"menu-item-1806\" class=\"menu-item menu-item-type-post_type menu-item-object-page hfe-creative-menu\"><a href=\"https:\/\/ws054.juntadeandalucia.es\/crnandalucia\/carpinteria-personas-desempleadas\/\" class = \"hfe-sub-menu-item\">Personas desempleadas<\/a><\/li>\n\t\t<li id=\"menu-item-1805\" class=\"menu-item menu-item-type-post_type menu-item-object-page hfe-creative-menu\"><a href=\"https:\/\/ws054.juntadeandalucia.es\/crnandalucia\/carpinteria-personas-ocupadas\/\" class = \"hfe-sub-menu-item\">Personas ocupadas<\/a><\/li>\n\t\t<li id=\"menu-item-14214\" class=\"menu-item menu-item-type-post_type menu-item-object-page hfe-creative-menu\"><a href=\"https:\/\/ws054.juntadeandalucia.es\/crnandalucia\/carpinteria-personas-ocupadas-2\/\" class = \"hfe-sub-menu-item\">Docentes<\/a><\/li>\n\t\t<li id=\"menu-item-1803\" class=\"menu-item menu-item-type-post_type menu-item-object-page hfe-creative-menu\"><a href=\"https:\/\/ws054.juntadeandalucia.es\/crnandalucia\/carpinteria-empresas-del-sector\/\" class = \"hfe-sub-menu-item\">Empresas del sector<\/a><\/li>\n\t<\/ul>\n<\/li>\n\t<li id=\"menu-item-1820\" class=\"menu-item menu-item-type-post_type menu-item-object-page hfe-creative-menu\"><a href=\"https:\/\/ws054.juntadeandalucia.es\/crnandalucia\/carpinteria-acreditacion-de-competencias-2\/\" class = \"hfe-sub-menu-item\">Acreditaci\u00f3n de Competencias<\/a><\/li>\n<\/ul>\n<\/li>\n<li id=\"menu-item-26696\" class=\"menu-item menu-item-type-post_type menu-item-object-page menu-item-has-children parent hfe-has-submenu hfe-creative-menu\"><div class=\"hfe-has-submenu-container\"><a href=\"https:\/\/ws054.juntadeandalucia.es\/crnandalucia\/proyectos-crn\/\" class = \"hfe-menu-item\">Proyectos CRN<span class='hfe-menu-toggle sub-arrow hfe-menu-child-0'><i class='fa'><\/i><\/span><\/a><\/div>\n<ul class=\"sub-menu\">\n\t<li id=\"menu-item-17559\" class=\"menu-item menu-item-type-post_type menu-item-object-page menu-item-has-children hfe-has-submenu hfe-creative-menu\"><div class=\"hfe-has-submenu-container\"><a href=\"https:\/\/ws054.juntadeandalucia.es\/crnandalucia\/observatorio-madera-y-mueble\/\" class = \"hfe-sub-menu-item\">Observatorio Madera y Mueble<span class='hfe-menu-toggle sub-arrow hfe-menu-child-1'><i class='fa'><\/i><\/span><\/a><\/div>\n\t<ul class=\"sub-menu\">\n\t\t<li id=\"menu-item-17585\" class=\"menu-item menu-item-type-post_type menu-item-object-page hfe-creative-menu\"><a href=\"https:\/\/ws054.juntadeandalucia.es\/crnandalucia\/deteccion-de-necesidades-formativas-madera-y-mueble\/\" class = \"hfe-sub-menu-item\">Detecci\u00f3n de necesidades formativas madera y mueble<\/a><\/li>\n\t\t<li id=\"menu-item-17699\" class=\"menu-item menu-item-type-post_type menu-item-object-page hfe-creative-menu\"><a href=\"https:\/\/ws054.juntadeandalucia.es\/crnandalucia\/mapa-sectorial-interactivo-madera-mueble\/\" class = \"hfe-sub-menu-item\">Mapa sectorial interactivo madera y mueble<\/a><\/li>\n\t<\/ul>\n<\/li>\n\t<li id=\"menu-item-14205\" class=\"menu-item menu-item-type-custom menu-item-object-custom menu-item-has-children hfe-has-submenu hfe-creative-menu\"><div class=\"hfe-has-submenu-container\"><a href=\"https:\/\/ws054.juntadeandalucia.es\/crnandalucia\/carpinteria-aula-emprendimiento\/\" class = \"hfe-sub-menu-item\">Aula de Emprendimiento<span class='hfe-menu-toggle sub-arrow hfe-menu-child-1'><i class='fa'><\/i><\/span><\/a><\/div>\n\t<ul class=\"sub-menu\">\n\t\t<li id=\"menu-item-15906\" class=\"menu-item menu-item-type-post_type menu-item-object-page hfe-creative-menu\"><a href=\"https:\/\/ws054.juntadeandalucia.es\/crnandalucia\/casos-de-exito\/\" class = \"hfe-sub-menu-item\">Casos de \u00e9xito<\/a><\/li>\n\t<\/ul>\n<\/li>\n\t<li id=\"menu-item-26693\" class=\"menu-item menu-item-type-post_type menu-item-object-page hfe-creative-menu\"><a href=\"https:\/\/ws054.juntadeandalucia.es\/crnandalucia\/kreo-habitat-talento-en-fp\/\" class = \"hfe-sub-menu-item\">KREO H\u00e1bitat- Talento en FP<\/a><\/li>\n<\/ul>\n<\/li>\n<li id=\"menu-item-1024\" class=\"menu-item menu-item-type-post_type menu-item-object-page parent hfe-creative-menu\"><a href=\"https:\/\/ws054.juntadeandalucia.es\/crnandalucia\/carpinteria-y-madera\/\" class = \"hfe-menu-item\">Noticias<\/a><\/li>\n<li id=\"menu-item-1815\" class=\"menu-item menu-item-type-custom menu-item-object-custom menu-item-has-children parent hfe-has-submenu hfe-creative-menu\"><div class=\"hfe-has-submenu-container\"><a href=\"#\" class = \"hfe-menu-item\">Recursos<span class='hfe-menu-toggle sub-arrow hfe-menu-child-0'><i class='fa'><\/i><\/span><\/a><\/div>\n<ul class=\"sub-menu\">\n\t<li id=\"menu-item-1799\" class=\"menu-item menu-item-type-post_type menu-item-object-page hfe-creative-menu\"><a href=\"https:\/\/ws054.juntadeandalucia.es\/crnandalucia\/carpinteria-biblioteca-virtual\/\" class = \"hfe-sub-menu-item\">Biblioteca virtual<\/a><\/li>\n\t<li id=\"menu-item-1798\" class=\"menu-item menu-item-type-post_type menu-item-object-page hfe-creative-menu\"><a href=\"https:\/\/ws054.juntadeandalucia.es\/crnandalucia\/carpinteria-publicaciones\/\" class = \"hfe-sub-menu-item\">\u00a0\u00a0\u00a0\u00a0Publicaciones<\/a><\/li>\n\t<li id=\"menu-item-1796\" class=\"menu-item menu-item-type-post_type menu-item-object-page hfe-creative-menu\"><a href=\"https:\/\/ws054.juntadeandalucia.es\/crnandalucia\/carpinteria-directorio-del-sector\/\" class = \"hfe-sub-menu-item\">Directorio del sector<\/a><\/li>\n<\/ul>\n<\/li>\n<\/ul> \n\t\t\t\t<\/nav>\n\t\t\t<\/div>\n\t\t\t\t\t\t\t<\/div>\n\t\t\t\t<\/div>\n\t\t\t\t\t<\/div>\n\t\t<\/div>\n\t\t\t\t\t<\/div>\n\t\t<\/section>\n\t\t\t\t<section class=\"elementor-section elementor-top-section elementor-element elementor-element-7a9be088 elementor-section-content-top elementor-section-boxed elementor-section-height-default elementor-section-height-default\" data-id=\"7a9be088\" data-element_type=\"section\">\n\t\t\t\t\t\t<div class=\"elementor-container elementor-column-gap-default\">\n\t\t\t\t\t<div class=\"elementor-column elementor-col-50 elementor-top-column elementor-element elementor-element-aa17dac\" data-id=\"aa17dac\" data-element_type=\"column\">\n\t\t\t<div class=\"elementor-widget-wrap elementor-element-populated\">\n\t\t\t\t\t\t<div class=\"elementor-element elementor-element-fe92623 elementor-widget elementor-widget-text-editor\" data-id=\"fe92623\" data-element_type=\"widget\" data-widget_type=\"text-editor.default\">\n\t\t\t\t<div class=\"elementor-widget-container\">\n\t\t\t\t\t\t\t\t\t<div>Sistema de Gesti\u00f3n Integrado<\/div>\t\t\t\t\t\t\t\t<\/div>\n\t\t\t\t<\/div>\n\t\t\t\t<div class=\"elementor-element elementor-element-91111dc elementor-widget elementor-widget-text-editor\" data-id=\"91111dc\" data-element_type=\"widget\" data-widget_type=\"text-editor.default\">\n\t\t\t\t<div class=\"elementor-widget-container\">\n\t\t\t\t\t\t\t\t\t<p align=\"JUSTIFY\"><span style=\"color: #000000\"><span style=\"font-family: Arial MT, sans-serif\"><span style=\"font-size: small\">Un Sistema de Gesti\u00f3n es una herramienta que establece los pasos a seguir en el d\u00eda a d\u00eda de una actividad, bien productiva, bien de servicios. Su implantaci\u00f3n permitir\u00e1 optimizar los recursos disponibles, mejorar la organizaci\u00f3n, una reducci\u00f3n de costes y mejorar el rendimiento de la organizaci\u00f3n.<\/span><\/span><\/span><\/p><p align=\"JUSTIFY\"><span style=\"color: #000000\"><span style=\"font-family: Arial MT, sans-serif\"><span style=\"font-size: small\">Adoptar un sistema de gesti\u00f3n en una empresa es una garant\u00eda de que el proceso cumple los est\u00e1ndares estipulados por normas internacionales. <strong>Cada disciplina de la empresa puede tener su propio sistema de gesti\u00f3n<\/strong>, de este modo nos encontramos:<\/span><\/span><\/span><\/p><p><strong><span style=\"color: #000000\"><span style=\"font-family: Arial MT, sans-serif\"><span style=\"font-size: small\">&#8211; Sistema de Gesti\u00f3n de la Calidad:<\/span><\/span><\/span><\/strong><span style=\"color: #000000\"><span style=\"font-family: Arial MT, sans-serif\"><span style=\"font-size: small\">\u00a0cumple los requisitos de la NORMA UNE-EN- ISO 9001<\/span><\/span><\/span><span style=\"color: #000000\"><span style=\"font-family: Arial MT, sans-serif\"><span style=\"font-size: small\">: 2015<\/span><\/span><\/span><span style=\"color: #000000\"><span style=\"font-family: Arial MT, sans-serif\"><span style=\"font-size: small\">, que velan por la calidad del producto\/servicio.<\/span><\/span><\/span><\/p><p><strong><span style=\"color: #000000\"><span style=\"font-family: Arial MT, sans-serif\"><span style=\"font-size: small\">&#8211; Sistema de Gesti\u00f3n Medioambiental:<\/span><\/span><\/span><\/strong><span style=\"color: #000000\"><span style=\"font-family: Arial MT, sans-serif\"><span style=\"font-size: small\">\u00a0cumple las directrices de la<\/span><\/span><\/span><span style=\"color: #000000\"><span style=\"font-family: Arial MT, sans-serif\"><span style=\"font-size: small\"> NORMA UNE-EN-ISO 14001:2015<\/span><\/span><\/span><span style=\"color: #000000\"><span style=\"font-family: Arial MT, sans-serif\"><span style=\"font-size: small\">, consiguen el m\u00ednimo impacto en la naturaleza.<\/span><\/span><\/span><\/p><p><strong><span style=\"color: #000000\"><span style=\"font-family: Arial MT, sans-serif\"><span style=\"font-size: small\">&#8211; Sistema de Gesti\u00f3n de Seguridad y Salud Laboral:<\/span><\/span><\/span><\/strong><span style=\"color: #000000\"><span style=\"font-family: Arial MT, sans-serif\"><span style=\"font-size: small\"> cumple los aspectos recogidos en la norma ISO 45001:2018.<\/span><\/span><\/span><\/p><p align=\"JUSTIFY\"><span style=\"color: #000000\"><span style=\"font-family: Arial MT, sans-serif\"><span style=\"font-size: small\">Internamente, la empresa est\u00e1 evitando costes innecesarios y somete a control su actividad para cerciorarse del correcto funcionamiento del sistema de gesti\u00f3n implantado. De cara a los clientes o proveedores, proyecta una imagen muy positiva y ser\u00e1 mejor valorada frente a sus competidores al contar con la certificaci\u00f3n pertinente.<\/span><\/span><\/span><\/p><p align=\"JUSTIFY\"><span style=\"color: #000000\"><span style=\"font-family: Arial MT, sans-serif\"><span style=\"font-size: small\">Un\u00a0<\/span><\/span><\/span><strong><span style=\"color: #000000\"><span style=\"font-family: Arial MT, sans-serif\"><span style=\"font-size: small\">Sistema Integrado de Gesti\u00f3n (SIG)<\/span><\/span><\/span><\/strong><span style=\"color: #000000\"><span style=\"font-family: Arial MT, sans-serif\"><span style=\"font-size: small\"> a\u00fana la gesti\u00f3n de la calidad, medioambiente y seguridad y salud en el trabajo de un modo conjunto. Esto <strong>simplifica el mantenimiento de los distintos sistemas de gesti\u00f3n e incrementa su utilidad.<\/strong> Para las empresas significa una mejora notable en la calidad de los servicios que ofrece, mejora las pr\u00e1cticas medioambientales y ofrece m\u00e1s seguridad a sus trabajadores y trabajadoras.<\/span><\/span><\/span><\/p><p align=\"JUSTIFY\"><span style=\"color: #000000\"><span style=\"font-family: Arial MT, sans-serif\"><span style=\"font-size: small\">Tanto los servicios que ofrece, como los productos que fabrican, cualquier organizaci\u00f3n est\u00e1 compuesta por diferentes actividades y operaciones; dichas actividades y operaciones son documentadas en procesos o instrucciones t\u00e9cnicas, y por ello que su actividad diaria mejora. Con esto se consigue controlar todas las \u00e1reas de la organizaci\u00f3n y evitar desviaciones de ciertas partes, aumentando la calidad final del servicio- producto.<\/span><\/span><\/span><\/p><p align=\"JUSTIFY\"><span style=\"color: #000000\"><span style=\"font-family: Arial MT, sans-serif\"><span style=\"font-size: small\">Aunque los <strong>beneficios de la implantaci\u00f3n de un Sistema de Gesti\u00f3n Integrado<\/strong> son m\u00faltiples, detallamos algunos de ellos:<\/span><\/span><\/span><\/p><p align=\"JUSTIFY\"><span style=\"color: #ff3333\"><span style=\"font-family: Andalus, serif\"><span style=\"font-size: small\"><span style=\"color: #000000\"><span style=\"font-family: Arial MT, sans-serif\">&#8211; Con la implementaci\u00f3n de sistemas integrados de gesti\u00f3n aseguramos que las actividades aumenten su\u00a0<\/span><\/span><strong><span style=\"color: #000000\"><span style=\"font-family: Arial MT, sans-serif\">rendimiento y beneficio para la organizaci\u00f3n<\/span><\/span><\/strong><span style=\"color: #000000\"><span style=\"font-family: Arial MT, sans-serif\">.<\/span><\/span><\/span><\/span><\/span><\/p><p align=\"JUSTIFY\"><span style=\"color: #000000\"><span style=\"font-family: Arial MT, sans-serif\"><span style=\"font-size: small\">&#8211; <strong>Disminuci\u00f3n de costes<\/strong> en las organizaciones.<\/span><\/span><\/span><\/p><p align=\"JUSTIFY\"><span style=\"color: #000000\"><span style=\"font-family: Arial MT, sans-serif\"><span style=\"font-size: small\">&#8211; <strong>Mejora del rendimiento<\/strong> de la organizaci\u00f3n.<\/span><\/span><\/span><\/p><p align=\"JUSTIFY\"><span style=\"color: #000000\"><span style=\"font-family: Arial MT, sans-serif\"><span style=\"font-size: small\">&#8211; <strong>Simplificaci\u00f3n de documentaci\u00f3n<\/strong> al tener todos los sistemas integrados. <\/span><\/span><\/span><\/p><p><span style=\"color: #000000\"><span style=\"font-family: Arial MT, sans-serif\"><span style=\"font-size: small\">&#8211; <strong>Aumenta la satisfacci\u00f3n de los clientes.<\/strong><\/span><\/span><\/span><\/p><p><span style=\"color: #000000\"><span style=\"font-family: Arial MT, sans-serif\"><span style=\"font-size: small\">&#8211; <strong>Conformidad con la legislaci\u00f3n<\/strong> medioambiental y de seguridad y salud laboral.<\/span><\/span><\/span><\/p><p><span style=\"color: #000000\"><span style=\"font-family: Arial MT, sans-serif\"><span style=\"font-size: small\">&#8211; Establecimiento de <strong>pol\u00edticas y objetivos anuales coherentes<\/strong> que ayudan a la mejora continua.<\/span><\/span><\/span><\/p><p><span style=\"color: #000000\"><span style=\"font-family: Arial MT, sans-serif\"><span style=\"font-size: small\">&#8211; Establecimiento de <strong>pol\u00edticas de formaci\u00f3n continua al personal<\/strong> de la organizaci\u00f3n.<\/span><\/span><\/span><\/p><p><span style=\"color: #000000\"><span style=\"font-family: Arial MT, sans-serif\"><span style=\"font-size: small\">&#8211; <strong>Mejora de la comunicaci\u00f3n<\/strong> interna y externa.<\/span><\/span><\/span><\/p><p><span style=\"color: #000000\"><span style=\"font-family: Arial MT, sans-serif\"><span style=\"font-size: small\">&#8211; <strong>Participaci\u00f3n del personal<\/strong> en el sistema de gesti\u00f3n integrado. <\/span><\/span><\/span><\/p><p><span style=\"color: #000000\"><span style=\"font-family: Arial MT, sans-serif\"><span style=\"font-size: small\">&#8211; Etc. <\/span><\/span><\/span><\/p><p align=\"JUSTIFY\"><span style=\"font-family: Arial MT, sans-serif\"><span style=\"font-size: small\"><span style=\"color: #000000\">Desde la Direcci\u00f3n Gerencia del SAE se estableci\u00f3 como objetivo, trabajar en la implantaci\u00f3n de un Sistema de Gesti\u00f3n Integrado en el \u00e1mbito de las Escuelas de Formaci\u00f3n, en un plazo temporal de 3 a\u00f1os, salvo para aquellos CRN que ya est\u00e1n en proceso de integraci\u00f3n y\/o certificaci\u00f3n del SGI, junto al \u00c1rea de Calidad del SAE.<\/span><\/span><\/span><\/p><p align=\"JUSTIFY\"><strong><span style=\"color: #000000\"><span style=\"font-family: Arial MT, sans-serif\"><span style=\"font-size: small\">La Escuela de Madera de Encinas Reales ya tiene implantado un Sistema de Gesti\u00f3n Integrado, bajo las normas UNE- EN \u2013 ISO 9001: 2015, UNE- EN- ISO 14001: 2015, e ISO 45001:2018, bajo una certificaci\u00f3n \u00fanica a la raz\u00f3n social Agencia SAE, com\u00fan a las Escuelas de Formaci\u00f3n. <\/span><\/span><\/span><\/strong><\/p><p align=\"JUSTIFY\"><span style=\"color: #000000\"><span style=\"font-family: Arial MT, sans-serif\"><span style=\"font-size: small\">Este trabajo ha consistido en el dise\u00f1o, implantaci\u00f3n de un soporte metodol\u00f3gico y documental, que ha finalizado con la certificaci\u00f3n del Sistema de Gesti\u00f3n Integrado.<\/span><\/span><\/span><\/p><p align=\"JUSTIFY\"><span style=\"color: #000000\"><span style=\"font-family: Arial MT, sans-serif\"><span style=\"font-size: small\">El Sistema de Calidad dise\u00f1ado y desarrollado para las Escuelas de Formaci\u00f3n afectar\u00e1 al \u00e1mbito de la impartici\u00f3n de la Formaci\u00f3n Profesional para el Empleo homologada (en el \u00e1rea profesional de la Escuela), implicando a todas las personas, a las infraestructuras y equipamiento de la misma que est\u00e9n directamente relacionados con este servicio.<\/span><\/span><\/span><\/p><p align=\"JUSTIFY\"><span style=\"color: #000000\"><span style=\"font-family: Arial MT, sans-serif\"><span style=\"font-size: small\">Menci\u00f3n especial requiere, exponer, que desde el a\u00f1o 2000, la Escuela de Madera (anterior CEMER), ya ten\u00eda implantado un Sistema de Gesti\u00f3n de Calidad, desde el 2003, un Sistema de Gesti\u00f3n Medioambiental y desde el 2008 ya ten\u00eda un Sistema de Gesti\u00f3n Integrado (se anex\u00f3 un Sistema de Seguridad y Salud Laboral). <\/span><\/span><\/span><\/p><p align=\"JUSTIFY\">Consultar el documento<a href=\"https:\/\/ws054.juntadeandalucia.es\/crnandalucia\/wp-content\/uploads\/2021\/07\/POLITICA-SGI-firmada-secretaria-SAE.pdf\"> \u00abPol\u00edtica del Sistema de Gesti\u00f3n Integrado\u00bb<\/a><\/p>\t\t\t\t\t\t\t\t<\/div>\n\t\t\t\t<\/div>\n\t\t\t\t\t<\/div>\n\t\t<\/div>\n\t\t\t\t<div class=\"elementor-column elementor-col-50 elementor-top-column elementor-element elementor-element-7fd43b56\" data-id=\"7fd43b56\" data-element_type=\"column\">\n\t\t\t<div class=\"elementor-widget-wrap elementor-element-populated\">\n\t\t\t\t\t\t<div class=\"elementor-element elementor-element-34c575dc elementor-widget elementor-widget-shortcode\" data-id=\"34c575dc\" data-element_type=\"widget\" data-widget_type=\"shortcode.default\">\n\t\t\t\t<div class=\"elementor-widget-container\">\n\t\t\t\t\t\t\t<div class=\"elementor-shortcode\">\t\t<div data-elementor-type=\"wp-post\" data-elementor-id=\"781\" class=\"elementor elementor-781\" data-elementor-post-type=\"elementor-hf\">\n\t\t\t\t\t\t<section class=\"elementor-section elementor-top-section elementor-element elementor-element-2bc3dd8a elementor-section-content-top elementor-section-boxed elementor-section-height-default elementor-section-height-default\" data-id=\"2bc3dd8a\" data-element_type=\"section\">\n\t\t\t\t\t\t<div class=\"elementor-container elementor-column-gap-no\">\n\t\t\t\t\t<div class=\"elementor-column elementor-col-100 elementor-top-column elementor-element elementor-element-764b2783\" data-id=\"764b2783\" data-element_type=\"column\">\n\t\t\t<div class=\"elementor-widget-wrap elementor-element-populated\">\n\t\t\t\t\t\t<div class=\"elementor-element elementor-element-534b99a4 elementor-widget elementor-widget-text-editor\" data-id=\"534b99a4\" data-element_type=\"widget\" data-widget_type=\"text-editor.default\">\n\t\t\t\t<div class=\"elementor-widget-container\">\n\t\t\t\t\t\t\t\t\t<div>S\u00edguenos<\/div>\t\t\t\t\t\t\t\t<\/div>\n\t\t\t\t<\/div>\n\t\t\t\t<div class=\"elementor-element elementor-element-90648fa elementor-button-info elementor-align-center elementor-widget elementor-widget-button\" data-id=\"90648fa\" data-element_type=\"widget\" data-widget_type=\"button.default\">\n\t\t\t\t<div class=\"elementor-widget-container\">\n\t\t\t\t\t\t\t\t\t<div class=\"elementor-button-wrapper\">\n\t\t\t\t\t<a class=\"elementor-button elementor-button-link elementor-size-xs\" href=\"https:\/\/forms.gle\/kc1gE43NKn7mZsVG8\" target=\"_blank\">\n\t\t\t\t\t\t<span class=\"elementor-button-content-wrapper\">\n\t\t\t\t\t\t\t\t\t<span class=\"elementor-button-text\">Clic aqu\u00ed para suscribirse a nuestra Newsletter de noticias<\/span>\n\t\t\t\t\t<\/span>\n\t\t\t\t\t<\/a>\n\t\t\t\t<\/div>\n\t\t\t\t\t\t\t\t<\/div>\n\t\t\t\t<\/div>\n\t\t\t\t<div class=\"elementor-element elementor-element-53e843bc elementor-widget elementor-widget-text-editor\" data-id=\"53e843bc\" data-element_type=\"widget\" data-widget_type=\"text-editor.default\">\n\t\t\t\t<div class=\"elementor-widget-container\">\n\t\t\t\t\t\t\t\t\t<p><a href=\"https:\/\/www.facebook.com\/CRNandaluciaSAE\/\" target=\"_blank\"><img decoding=\"async\" class=\"alignnone wp-image-13296\" src=\"https:\/\/ws054.juntadeandalucia.es\/crnandalucia\/wp-content\/uploads\/2021\/05\/icono_facebook.png\" alt=\"\" width=\"30\" height=\"30\" \/><\/a> \u00a0<a href=\"https:\/\/twitter.com\/crnandaluciasae\" target=\"_blank\"><img decoding=\"async\" class=\"alignnone wp-image-13298\" src=\"https:\/\/ws054.juntadeandalucia.es\/crnandalucia\/wp-content\/uploads\/2021\/05\/icono_twitter.png\" alt=\"\" width=\"30\" height=\"30\" \/><\/a> <a href=\"https:\/\/www.instagram.com\/crnandaluciasae\/\" target=\"_blank\"><img loading=\"lazy\" decoding=\"async\" class=\"alignnone wp-image-13304\" src=\"https:\/\/ws054.juntadeandalucia.es\/crnandalucia\/wp-content\/uploads\/2021\/05\/instagram50x50.png\" alt=\"\" width=\"30\" height=\"30\" \/><\/a><\/p>\t\t\t\t\t\t\t\t<\/div>\n\t\t\t\t<\/div>\n\t\t\t\t<div class=\"elementor-element elementor-element-ea7cc10 elementor-widget elementor-widget-image\" data-id=\"ea7cc10\" data-element_type=\"widget\" data-widget_type=\"image.default\">\n\t\t\t\t<div class=\"elementor-widget-container\">\n\t\t\t\t\t\t\t\t\t\t\t\t\t\t\t\t<a href=\"https:\/\/ws054.juntadeandalucia.es\/crnandalucia\/jornadascrncarpinteriaymueble\" target=\"_blank\">\n\t\t\t\t\t\t\t<img decoding=\"async\" src=\"https:\/\/ws054.juntadeandalucia.es\/crnandalucia\/wp-content\/uploads\/elementor\/thumbs\/banner_lateral_webCRN-rdvjslt1soweklgdz6e92ls4s2g3pxy4md88gvpyys.png\" title=\"banner_lateral_webCRN\" alt=\"banner_lateral_webCRN\" loading=\"lazy\" \/>\t\t\t\t\t\t\t\t<\/a>\n\t\t\t\t\t\t\t\t\t\t\t\t\t\t\t<\/div>\n\t\t\t\t<\/div>\n\t\t\t\t<div class=\"elementor-element elementor-element-20f4f4e elementor-widget elementor-widget-image\" data-id=\"20f4f4e\" data-element_type=\"widget\" data-widget_type=\"image.default\">\n\t\t\t\t<div class=\"elementor-widget-container\">\n\t\t\t\t\t\t\t\t\t\t\t\t\t\t\t\t<a href=\"https:\/\/ws054.juntadeandalucia.es\/crnandalucia\/carpinteria-aula-emprendimiento\/\" target=\"_blank\">\n\t\t\t\t\t\t\t<img loading=\"lazy\" decoding=\"async\" width=\"188\" height=\"188\" src=\"https:\/\/ws054.juntadeandalucia.es\/crnandalucia\/wp-content\/uploads\/2021\/05\/BANNER_aula_emprendimiento-1.jpg\" class=\"attachment-medium_large size-medium_large wp-image-3665\" alt=\"aula emprendimiento\" srcset=\"https:\/\/ws054.juntadeandalucia.es\/crnandalucia\/wp-content\/uploads\/2021\/05\/BANNER_aula_emprendimiento-1.jpg 188w, https:\/\/ws054.juntadeandalucia.es\/crnandalucia\/wp-content\/uploads\/2021\/05\/BANNER_aula_emprendimiento-1-150x150.jpg 150w\" sizes=\"(max-width: 188px) 100vw, 188px\" \/>\t\t\t\t\t\t\t\t<\/a>\n\t\t\t\t\t\t\t\t\t\t\t\t\t\t\t<\/div>\n\t\t\t\t<\/div>\n\t\t\t\t<div class=\"elementor-element elementor-element-728a537 elementor-widget elementor-widget-image\" data-id=\"728a537\" data-element_type=\"widget\" data-widget_type=\"image.default\">\n\t\t\t\t<div class=\"elementor-widget-container\">\n\t\t\t\t\t\t\t\t\t\t\t\t\t\t\t\t<a href=\"https:\/\/ws148.juntadeandalucia.es\/aulavirtual\/\">\n\t\t\t\t\t\t\t<img loading=\"lazy\" decoding=\"async\" width=\"188\" height=\"188\" src=\"https:\/\/ws054.juntadeandalucia.es\/crnandalucia\/wp-content\/uploads\/2021\/05\/AULAVIRTUAL-2.jpg\" class=\"attachment-medium size-medium wp-image-3667\" alt=\"aula virtual SAE\" srcset=\"https:\/\/ws054.juntadeandalucia.es\/crnandalucia\/wp-content\/uploads\/2021\/05\/AULAVIRTUAL-2.jpg 188w, https:\/\/ws054.juntadeandalucia.es\/crnandalucia\/wp-content\/uploads\/2021\/05\/AULAVIRTUAL-2-150x150.jpg 150w\" sizes=\"(max-width: 188px) 100vw, 188px\" \/>\t\t\t\t\t\t\t\t<\/a>\n\t\t\t\t\t\t\t\t\t\t\t\t\t\t\t<\/div>\n\t\t\t\t<\/div>\n\t\t\t\t\t<\/div>\n\t\t<\/div>\n\t\t\t\t\t<\/div>\n\t\t<\/section>\n\t\t\t\t<\/div>\n\t\t<\/div>\n\t\t\t\t\t\t<\/div>\n\t\t\t\t<\/div>\n\t\t\t\t\t<\/div>\n\t\t<\/div>\n\t\t\t\t\t<\/div>\n\t\t<\/section>\n\t\t\t\t<\/div>\n\t\t","protected":false},"excerpt":{"rendered":"<p>El CRN Qui\u00e9nes somos Qu\u00e9 hacemos C\u00f3mo nos organizamos Planes de Trabajo Sistema de Gesti\u00f3n Integrado Formaci\u00f3n y Acreditaci\u00f3n de competencias Formaci\u00f3n Personas desempleadas Personas ocupadas Docentes Empresas del sector Acreditaci\u00f3n de Competencias Proyectos Informaci\u00f3n y Orientaci\u00f3n Noticias Recursos Biblioteca virtual \u00a0\u00a0\u00a0\u00a0Publicaciones Directorio del sector Al Patio Sistema de Gesti\u00f3n Integrado Un Sistema de Gesti\u00f3n [&hellip;]<\/p>\n","protected":false},"author":4,"featured_media":0,"parent":0,"menu_order":0,"comment_status":"closed","ping_status":"closed","template":"elementor_header_footer","meta":{"_acf_changed":false,"footnotes":""},"class_list":["post-1770","page","type-page","status-publish","hentry"],"acf":[],"yoast_head":"<!-- This site is optimized with the Yoast SEO plugin v25.3 - https:\/\/yoast.com\/wordpress\/plugins\/seo\/ -->\n<title>Carpinter\u00eda - Sistema de Gesti\u00f3n Integrado - Escuelas CRN<\/title>\n<meta name=\"robots\" content=\"index, follow, max-snippet:-1, max-image-preview:large, max-video-preview:-1\" \/>\n<link rel=\"canonical\" href=\"https:\/\/ws054.juntadeandalucia.es\/crnandalucia\/carpinteria-desarrollo-sostenible\/\" \/>\n<meta property=\"og:locale\" content=\"es_ES\" \/>\n<meta property=\"og:type\" content=\"article\" \/>\n<meta property=\"og:title\" content=\"Carpinter\u00eda - Sistema de Gesti\u00f3n Integrado - Escuelas CRN\" \/>\n<meta property=\"og:description\" content=\"El CRN Qui\u00e9nes somos Qu\u00e9 hacemos C\u00f3mo nos organizamos Planes de Trabajo Sistema de Gesti\u00f3n Integrado Formaci\u00f3n y Acreditaci\u00f3n de competencias Formaci\u00f3n Personas desempleadas Personas ocupadas Docentes Empresas del sector Acreditaci\u00f3n de Competencias Proyectos Informaci\u00f3n y Orientaci\u00f3n Noticias Recursos Biblioteca virtual \u00a0\u00a0\u00a0\u00a0Publicaciones Directorio del sector Al Patio Sistema de Gesti\u00f3n Integrado Un Sistema de Gesti\u00f3n [&hellip;]\" \/>\n<meta property=\"og:url\" content=\"https:\/\/ws054.juntadeandalucia.es\/crnandalucia\/carpinteria-desarrollo-sostenible\/\" \/>\n<meta property=\"og:site_name\" content=\"Escuelas CRN\" \/>\n<meta property=\"article:modified_time\" content=\"2023-04-13T12:11:24+00:00\" \/>\n<meta property=\"og:image\" content=\"https:\/\/ws054.juntadeandalucia.es\/crnandalucia\/wp-content\/uploads\/2021\/06\/CARPINTERIA_ESCUELA_CDR_04_02.jpg\" \/>\n<meta name=\"twitter:card\" content=\"summary_large_image\" \/>\n<meta name=\"twitter:label1\" content=\"Tiempo de lectura\" \/>\n\t<meta name=\"twitter:data1\" content=\"7 minutos\" \/>\n<script type=\"application\/ld+json\" class=\"yoast-schema-graph\">{\"@context\":\"https:\/\/schema.org\",\"@graph\":[{\"@type\":\"WebPage\",\"@id\":\"https:\/\/ws054.juntadeandalucia.es\/crnandalucia\/carpinteria-desarrollo-sostenible\/\",\"url\":\"https:\/\/ws054.juntadeandalucia.es\/crnandalucia\/carpinteria-desarrollo-sostenible\/\",\"name\":\"Carpinter\u00eda - Sistema de Gesti\u00f3n Integrado - Escuelas CRN\",\"isPartOf\":{\"@id\":\"https:\/\/ws054.juntadeandalucia.es\/crnandalucia\/#website\"},\"primaryImageOfPage\":{\"@id\":\"https:\/\/ws054.juntadeandalucia.es\/crnandalucia\/carpinteria-desarrollo-sostenible\/#primaryimage\"},\"image\":{\"@id\":\"https:\/\/ws054.juntadeandalucia.es\/crnandalucia\/carpinteria-desarrollo-sostenible\/#primaryimage\"},\"thumbnailUrl\":\"https:\/\/ws054.juntadeandalucia.es\/crnandalucia\/wp-content\/uploads\/2021\/06\/CARPINTERIA_ESCUELA_CDR_04_02.jpg\",\"datePublished\":\"2021-06-10T08:24:16+00:00\",\"dateModified\":\"2023-04-13T12:11:24+00:00\",\"breadcrumb\":{\"@id\":\"https:\/\/ws054.juntadeandalucia.es\/crnandalucia\/carpinteria-desarrollo-sostenible\/#breadcrumb\"},\"inLanguage\":\"es\",\"potentialAction\":[{\"@type\":\"ReadAction\",\"target\":[\"https:\/\/ws054.juntadeandalucia.es\/crnandalucia\/carpinteria-desarrollo-sostenible\/\"]}]},{\"@type\":\"ImageObject\",\"inLanguage\":\"es\",\"@id\":\"https:\/\/ws054.juntadeandalucia.es\/crnandalucia\/carpinteria-desarrollo-sostenible\/#primaryimage\",\"url\":\"https:\/\/ws054.juntadeandalucia.es\/crnandalucia\/wp-content\/uploads\/2021\/06\/CARPINTERIA_ESCUELA_CDR_04_02.jpg\",\"contentUrl\":\"https:\/\/ws054.juntadeandalucia.es\/crnandalucia\/wp-content\/uploads\/2021\/06\/CARPINTERIA_ESCUELA_CDR_04_02.jpg\",\"width\":1500,\"height\":274},{\"@type\":\"BreadcrumbList\",\"@id\":\"https:\/\/ws054.juntadeandalucia.es\/crnandalucia\/carpinteria-desarrollo-sostenible\/#breadcrumb\",\"itemListElement\":[{\"@type\":\"ListItem\",\"position\":1,\"name\":\"Portada\",\"item\":\"https:\/\/ws054.juntadeandalucia.es\/crnandalucia\/\"},{\"@type\":\"ListItem\",\"position\":2,\"name\":\"Carpinter\u00eda &#8211; Sistema de Gesti\u00f3n Integrado\"}]},{\"@type\":\"WebSite\",\"@id\":\"https:\/\/ws054.juntadeandalucia.es\/crnandalucia\/#website\",\"url\":\"https:\/\/ws054.juntadeandalucia.es\/crnandalucia\/\",\"name\":\"Escuelas CRN\",\"description\":\"\",\"potentialAction\":[{\"@type\":\"SearchAction\",\"target\":{\"@type\":\"EntryPoint\",\"urlTemplate\":\"https:\/\/ws054.juntadeandalucia.es\/crnandalucia\/?s={search_term_string}\"},\"query-input\":{\"@type\":\"PropertyValueSpecification\",\"valueRequired\":true,\"valueName\":\"search_term_string\"}}],\"inLanguage\":\"es\"}]}<\/script>\n<!-- \/ Yoast SEO plugin. -->","yoast_head_json":{"title":"Carpinter\u00eda - Sistema de Gesti\u00f3n Integrado - Escuelas CRN","robots":{"index":"index","follow":"follow","max-snippet":"max-snippet:-1","max-image-preview":"max-image-preview:large","max-video-preview":"max-video-preview:-1"},"canonical":"https:\/\/ws054.juntadeandalucia.es\/crnandalucia\/carpinteria-desarrollo-sostenible\/","og_locale":"es_ES","og_type":"article","og_title":"Carpinter\u00eda - Sistema de Gesti\u00f3n Integrado - Escuelas CRN","og_description":"El CRN Qui\u00e9nes somos Qu\u00e9 hacemos C\u00f3mo nos organizamos Planes de Trabajo Sistema de Gesti\u00f3n Integrado Formaci\u00f3n y Acreditaci\u00f3n de competencias Formaci\u00f3n Personas desempleadas Personas ocupadas Docentes Empresas del sector Acreditaci\u00f3n de Competencias Proyectos Informaci\u00f3n y Orientaci\u00f3n Noticias Recursos Biblioteca virtual \u00a0\u00a0\u00a0\u00a0Publicaciones Directorio del sector Al Patio Sistema de Gesti\u00f3n Integrado Un Sistema de Gesti\u00f3n [&hellip;]","og_url":"https:\/\/ws054.juntadeandalucia.es\/crnandalucia\/carpinteria-desarrollo-sostenible\/","og_site_name":"Escuelas CRN","article_modified_time":"2023-04-13T12:11:24+00:00","og_image":[{"url":"https:\/\/ws054.juntadeandalucia.es\/crnandalucia\/wp-content\/uploads\/2021\/06\/CARPINTERIA_ESCUELA_CDR_04_02.jpg","type":"","width":"","height":""}],"twitter_card":"summary_large_image","twitter_misc":{"Tiempo de lectura":"7 minutos"},"schema":{"@context":"https:\/\/schema.org","@graph":[{"@type":"WebPage","@id":"https:\/\/ws054.juntadeandalucia.es\/crnandalucia\/carpinteria-desarrollo-sostenible\/","url":"https:\/\/ws054.juntadeandalucia.es\/crnandalucia\/carpinteria-desarrollo-sostenible\/","name":"Carpinter\u00eda - Sistema de Gesti\u00f3n Integrado - Escuelas CRN","isPartOf":{"@id":"https:\/\/ws054.juntadeandalucia.es\/crnandalucia\/#website"},"primaryImageOfPage":{"@id":"https:\/\/ws054.juntadeandalucia.es\/crnandalucia\/carpinteria-desarrollo-sostenible\/#primaryimage"},"image":{"@id":"https:\/\/ws054.juntadeandalucia.es\/crnandalucia\/carpinteria-desarrollo-sostenible\/#primaryimage"},"thumbnailUrl":"https:\/\/ws054.juntadeandalucia.es\/crnandalucia\/wp-content\/uploads\/2021\/06\/CARPINTERIA_ESCUELA_CDR_04_02.jpg","datePublished":"2021-06-10T08:24:16+00:00","dateModified":"2023-04-13T12:11:24+00:00","breadcrumb":{"@id":"https:\/\/ws054.juntadeandalucia.es\/crnandalucia\/carpinteria-desarrollo-sostenible\/#breadcrumb"},"inLanguage":"es","potentialAction":[{"@type":"ReadAction","target":["https:\/\/ws054.juntadeandalucia.es\/crnandalucia\/carpinteria-desarrollo-sostenible\/"]}]},{"@type":"ImageObject","inLanguage":"es","@id":"https:\/\/ws054.juntadeandalucia.es\/crnandalucia\/carpinteria-desarrollo-sostenible\/#primaryimage","url":"https:\/\/ws054.juntadeandalucia.es\/crnandalucia\/wp-content\/uploads\/2021\/06\/CARPINTERIA_ESCUELA_CDR_04_02.jpg","contentUrl":"https:\/\/ws054.juntadeandalucia.es\/crnandalucia\/wp-content\/uploads\/2021\/06\/CARPINTERIA_ESCUELA_CDR_04_02.jpg","width":1500,"height":274},{"@type":"BreadcrumbList","@id":"https:\/\/ws054.juntadeandalucia.es\/crnandalucia\/carpinteria-desarrollo-sostenible\/#breadcrumb","itemListElement":[{"@type":"ListItem","position":1,"name":"Portada","item":"https:\/\/ws054.juntadeandalucia.es\/crnandalucia\/"},{"@type":"ListItem","position":2,"name":"Carpinter\u00eda &#8211; Sistema de Gesti\u00f3n Integrado"}]},{"@type":"WebSite","@id":"https:\/\/ws054.juntadeandalucia.es\/crnandalucia\/#website","url":"https:\/\/ws054.juntadeandalucia.es\/crnandalucia\/","name":"Escuelas CRN","description":"","potentialAction":[{"@type":"SearchAction","target":{"@type":"EntryPoint","urlTemplate":"https:\/\/ws054.juntadeandalucia.es\/crnandalucia\/?s={search_term_string}"},"query-input":{"@type":"PropertyValueSpecification","valueRequired":true,"valueName":"search_term_string"}}],"inLanguage":"es"}]}},"_links":{"self":[{"href":"https:\/\/ws054.juntadeandalucia.es\/crnandalucia\/wp-json\/wp\/v2\/pages\/1770","targetHints":{"allow":["GET"]}}],"collection":[{"href":"https:\/\/ws054.juntadeandalucia.es\/crnandalucia\/wp-json\/wp\/v2\/pages"}],"about":[{"href":"https:\/\/ws054.juntadeandalucia.es\/crnandalucia\/wp-json\/wp\/v2\/types\/page"}],"author":[{"embeddable":true,"href":"https:\/\/ws054.juntadeandalucia.es\/crnandalucia\/wp-json\/wp\/v2\/users\/4"}],"replies":[{"embeddable":true,"href":"https:\/\/ws054.juntadeandalucia.es\/crnandalucia\/wp-json\/wp\/v2\/comments?post=1770"}],"version-history":[{"count":24,"href":"https:\/\/ws054.juntadeandalucia.es\/crnandalucia\/wp-json\/wp\/v2\/pages\/1770\/revisions"}],"predecessor-version":[{"id":17599,"href":"https:\/\/ws054.juntadeandalucia.es\/crnandalucia\/wp-json\/wp\/v2\/pages\/1770\/revisions\/17599"}],"wp:attachment":[{"href":"https:\/\/ws054.juntadeandalucia.es\/crnandalucia\/wp-json\/wp\/v2\/media?parent=1770"}],"curies":[{"name":"wp","href":"https:\/\/api.w.org\/{rel}","templated":true}]}}